{"id":6654,"date":"2017-04-20T13:33:39","date_gmt":"2017-04-20T11:33:39","guid":{"rendered":"http:\/\/www.claus-von-stauffenberg-schule.de\/?page_id=6654"},"modified":"2025-09-23T13:42:28","modified_gmt":"2025-09-23T11:42:28","slug":"schuelerzeitungs-ag","status":"publish","type":"page","link":"https:\/\/www.claus-von-stauffenberg-schule.de\/?page_id=6654","title":{"rendered":"Sch\u00fclerzeitungs-AG"},"content":{"rendered":"<p><a href=\"https:\/\/www.claus-von-stauffenberg-schule.de\/wp-content\/uploads\/2020\/01\/stauffenberg.jpeg\"><img loading=\"lazy\" decoding=\"async\" class=\"alignnone size-medium wp-image-6325 aligncenter\" src=\"https:\/\/www.claus-von-stauffenberg-schule.de\/wp-content\/uploads\/2020\/01\/stauffenberg.jpeg\" alt=\"\" width=\"300\" height=\"107\"><\/a><\/p>\n<p>News und investigativer Journalismus sind unsere Spezialit\u00e4t. Wir halten Euch auf dem Laufenden mit unserer ESch\u00fclerzeitung, die mittlerweile fast w\u00f6chentlich Artikel auf unserer Homepage ver\u00f6ffentlicht.<\/p>\n<p style=\"text-align: center;\">Hier erfahrt ihr alles, rund um die Schule und was die Welt bewegt.<\/p>\n<p style=\"text-align: center;\">In unserer AG ist jeder willkommen. Zurzeit werkeln sechs Sch\u00fclerInnen an unserer Zeitung und Artikeln, um diese herauszubringen. Hier hat jeder etwas zu sagen, beziehungsweise zu schreiben.<\/p>\n<p style=\"text-align: center;\"><strong>Aktuelle Mitglieder der Redaktion:<\/strong><\/p>\n<p style=\"text-align: center;\">Wieczorek, Annika \/ Happ, Felix \/ R\u00fcckert, Felix \/ Hallmann, Johanna \/ Weerts, Samuel \/ Oscheka, Ina<\/p>\n<p style=\"text-align: center;\">Mit tatkr\u00e4ftiger Unterst\u00fctzung von Herrn Andr\u00e4<\/p>\n<p style=\"text-align: center;\">Bei Fragen, Auftr\u00e4gen (z.B. Ver\u00f6ffentlichungen von Artikeln) oder Kritik stehen wir jederzeit unter <a href=\"mailto:schuelerzeitung@cvss.de\">schuelerzeitung@cvss.de<\/a> zur Verf\u00fcgung.<\/p>\n<p style=\"text-align: center;\">Falls jemand Interesse am Arbeiten an unserer Sch\u00fclerzeitung hat: Wir treffen uns jeden Dienstag in der Mittagspause um 13:10 Uhr im Multimediaraum (Raum 22). Wir freuen uns \u00fcber jeden Neuank\u00f6mmling.<\/p>\n<p style=\"text-align: center;\"><strong>Hier k\u00f6nnt ihr die letzten Ausgaben der Sch\u00fclerzeitung herunterladen:<\/strong><\/p>\n<ul>\n<li style=\"text-align: left;\"><a href=\"https:\/\/www.claus-von-stauffenberg-schule.de\/wp-content\/uploads\/2020\/01\/Sch\u00fclerzeitung-2019-Ausgabe-2.pdf\" target=\"_blank\" rel=\"noopener noreferrer\">Ausgabe 2\/2019<\/a><\/li>\n<li style=\"text-align: left;\"><a href=\"https:\/\/www.claus-von-stauffenberg-schule.de\/wp-content\/uploads\/2019\/06\/Schuelerzeitung_2019.pdf\" target=\"_blank\" rel=\"noopener noreferrer\">Ausgabe 1\/2019<\/a><\/li>\n<\/ul>\n<p>Ihr erreicht unsere Sch\u00fclerzeitungs-Webseite auf www.sz-cvss.de.<\/p>\n<p><\/p>\n<p>&nbsp;&nbsp;<\/p>\n\n\n<iframe frameborder=\"0\" src=\"https:\/\/www.sz-cvss.de\" class=\"\" style=\"width:100%;max-width:100%;height:320px\"><\/iframe>\n","protected":false},"excerpt":{"rendered":"<p>News und investigativer Journalismus sind unsere Spezialit\u00e4t. Wir halten Euch auf dem Laufenden mit unserer ESch\u00fclerzeitung, die mittlerweile fast w\u00f6chentlich Artikel auf unserer Homepage ver\u00f6ffentlicht. Hier erfahrt ihr alles, rund um die Schule und was die Welt bewegt. In unserer AG ist jeder willkommen. Zurzeit werkeln sechs Sch\u00fclerInnen an unserer [&hellip;]<\/p>\n","protected":false},"author":1,"featured_media":0,"parent":441,"menu_order":48,"comment_status":"closed","ping_status":"closed","template":"","meta":{"ngg_post_thumbnail":0,"_themeisle_gutenberg_block_has_review":false,"footnotes":""},"class_list":["post-6654","page","type-page","status-publish","hentry"],"_links":{"self":[{"href":"https:\/\/www.claus-von-stauffenberg-schule.de\/index.php?rest_route=\/wp\/v2\/pages\/6654","targetHints":{"allow":["GET"]}}],"collection":[{"href":"https:\/\/www.claus-von-stauffenberg-schule.de\/index.php?rest_route=\/wp\/v2\/pages"}],"about":[{"href":"https:\/\/www.claus-von-stauffenberg-schule.de\/index.php?rest_route=\/wp\/v2\/types\/page"}],"author":[{"embeddable":true,"href":"https:\/\/www.claus-von-stauffenberg-schule.de\/index.php?rest_route=\/wp\/v2\/users\/1"}],"replies":[{"embeddable":true,"href":"https:\/\/www.claus-von-stauffenberg-schule.de\/index.php?rest_route=%2Fwp%2Fv2%2Fcomments&post=6654"}],"version-history":[{"count":14,"href":"https:\/\/www.claus-von-stauffenberg-schule.de\/index.php?rest_route=\/wp\/v2\/pages\/6654\/revisions"}],"predecessor-version":[{"id":13588,"href":"https:\/\/www.claus-von-stauffenberg-schule.de\/index.php?rest_route=\/wp\/v2\/pages\/6654\/revisions\/13588"}],"up":[{"embeddable":true,"href":"https:\/\/www.claus-von-stauffenberg-schule.de\/index.php?rest_route=\/wp\/v2\/pages\/441"}],"wp:attachment":[{"href":"https:\/\/www.claus-von-stauffenberg-schule.de\/index.php?rest_route=%2Fwp%2Fv2%2Fmedia&parent=6654"}],"curies":[{"name":"wp","href":"https:\/\/api.w.org\/{rel}","templated":true}]}}